{"id":679,"date":"2026-03-20T06:10:09","date_gmt":"2026-03-20T11:10:09","guid":{"rendered":"https:\/\/federacionfesoc.org\/?page_id=679"},"modified":"2026-03-20T06:11:35","modified_gmt":"2026-03-20T11:11:35","slug":"intercambio-cultural","status":"publish","type":"page","link":"https:\/\/federacionfesoc.org\/index.php\/intercambio-cultural\/","title":{"rendered":"Intercambio Cultural"},"content":{"rendered":"\t\t<div data-elementor-type=\"wp-page\" data-elementor-id=\"679\" class=\"elementor elementor-679\" data-elementor-post-type=\"page\">\n\t\t\t\t<div class=\"elementor-element elementor-element-a2c399e e-flex e-con-boxed e-con e-parent\" data-id=\"a2c399e\" data-element_type=\"container\" data-e-type=\"container\">\n\t\t\t\t\t<div class=\"e-con-inner\">\n\t\t\t\t<div class=\"elementor-element elementor-element-de411dc elementor-widget elementor-widget-heading\" data-id=\"de411dc\" data-element_type=\"widget\" data-e-type=\"widget\" data-widget_type=\"heading.default\">\n\t\t\t\t\t<h1 class=\"elementor-heading-title elementor-size-default\">Programa de Intercambio Cultural<\/h1>\t\t\t\t<\/div>\n\t\t\t\t\t<\/div>\n\t\t\t\t<\/div>\n\t\t<div class=\"elementor-element elementor-element-f724a0d e-flex e-con-boxed e-con e-parent\" data-id=\"f724a0d\" data-element_type=\"container\" data-e-type=\"container\">\n\t\t\t\t\t<div class=\"e-con-inner\">\n\t\t\t\t<div class=\"elementor-element elementor-element-5061a99 elementor-widget elementor-widget-heading\" data-id=\"5061a99\" data-element_type=\"widget\" data-e-type=\"widget\" data-widget_type=\"heading.default\">\n\t\t\t\t\t<h2 class=\"elementor-heading-title elementor-size-default\">\ud83c\udf3a Homenaje a la Negra Grande de Colombia<\/h2>\t\t\t\t<\/div>\n\t\t\t\t\t<\/div>\n\t\t\t\t<\/div>\n\t\t<div class=\"elementor-element elementor-element-d034ce1 e-flex e-con-boxed e-con e-parent\" data-id=\"d034ce1\" data-element_type=\"container\" data-e-type=\"container\">\n\t\t\t\t\t<div class=\"e-con-inner\">\n\t\t<div class=\"elementor-element elementor-element-e53e93f e-con-full e-flex e-con e-child\" data-id=\"e53e93f\" data-element_type=\"container\" data-e-type=\"container\">\n\t\t\t\t<div class=\"elementor-element elementor-element-12580ba elementor-widget elementor-widget-image\" data-id=\"12580ba\" data-element_type=\"widget\" data-e-type=\"widget\" data-widget_type=\"image.default\">\n\t\t\t\t\t\t\t\t\t\t\t\t\t\t\t<img fetchpriority=\"high\" decoding=\"async\" width=\"800\" height=\"532\" src=\"https:\/\/federacionfesoc.org\/wp-content\/uploads\/2026\/03\/XD5QNTM6KFFKTET6E7MM5BO3TA-1024x681.avif\" class=\"attachment-large size-large wp-image-682\" alt=\"\" srcset=\"https:\/\/federacionfesoc.org\/wp-content\/uploads\/2026\/03\/XD5QNTM6KFFKTET6E7MM5BO3TA-1024x681.avif 1024w, https:\/\/federacionfesoc.org\/wp-content\/uploads\/2026\/03\/XD5QNTM6KFFKTET6E7MM5BO3TA-300x200.avif 300w, https:\/\/federacionfesoc.org\/wp-content\/uploads\/2026\/03\/XD5QNTM6KFFKTET6E7MM5BO3TA-768x511.avif 768w, https:\/\/federacionfesoc.org\/wp-content\/uploads\/2026\/03\/XD5QNTM6KFFKTET6E7MM5BO3TA-1536x1022.avif 1536w, https:\/\/federacionfesoc.org\/wp-content\/uploads\/2026\/03\/XD5QNTM6KFFKTET6E7MM5BO3TA-2048x1363.avif 2048w\" sizes=\"(max-width: 800px) 100vw, 800px\" \/>\t\t\t\t\t\t\t\t\t\t\t\t\t\t\t<\/div>\n\t\t\t\t<\/div>\n\t\t<div class=\"elementor-element elementor-element-67cd0e4 e-con-full e-flex e-con e-child\" data-id=\"67cd0e4\" data-element_type=\"container\" data-e-type=\"container\">\n\t\t\t\t<div class=\"elementor-element elementor-element-bceaaa3 elementor-widget elementor-widget-text-editor\" data-id=\"bceaaa3\" data-element_type=\"widget\" data-e-type=\"widget\" data-widget_type=\"text-editor.default\">\n\t\t\t\t\t\t\t\t\t<p data-start=\"131\" data-end=\"352\">La <span class=\"hover:entity-accent entity-underline inline cursor-pointer align-baseline\"><span class=\"whitespace-normal\">Leonor Gonz\u00e1lez Mina<\/span><\/span>, s\u00edmbolo vivo de la cultura afrocolombiana, representa la fuerza, la tradici\u00f3n y la identidad de un pueblo que ha sabido transformar su historia en arte, m\u00fasica y orgullo nacional.<\/p><p data-start=\"354\" data-end=\"621\">Desde la <span class=\"hover:entity-accent entity-underline inline cursor-pointer align-baseline\"><span class=\"whitespace-normal\">Federaci\u00f3n FESOC<\/span><\/span>, extendemos un profundo reconocimiento y agradecimiento a quien, con su talento, liderazgo y compromiso, ha sido pilar fundamental en la construcci\u00f3n y fortalecimiento de espacios culturales que trascienden generaciones.<\/p><p data-start=\"623\" data-end=\"976\">Su invaluable participaci\u00f3n como fundadora y su constante apoyo han permitido que este programa de intercambio cultural crezca como un puente de integraci\u00f3n, aprendizaje y preservaci\u00f3n de nuestras ra\u00edces. Gracias a su legado, hoy celebramos no solo la riqueza de nuestras tradiciones, sino tambi\u00e9n la uni\u00f3n de comunidades a trav\u00e9s del arte y la cultura.<\/p><p data-start=\"978\" data-end=\"1158\">Honramos su trayectoria, su voz y su incansable labor, que contin\u00faan inspirando a nuevas generaciones a valorar, proteger y compartir la herencia cultural de Colombia con el mundo.<\/p>\t\t\t\t\t\t\t\t<\/div>\n\t\t\t\t<\/div>\n\t\t\t\t\t<\/div>\n\t\t\t\t<\/div>\n\t\t\t\t<\/div>\n\t\t","protected":false},"excerpt":{"rendered":"<p>Programa de Intercambio Cultural \ud83c\udf3a Homenaje a la Negra Grande de Colombia La Leonor Gonz\u00e1lez Mina, s\u00edmbolo vivo de la cultura afrocolombiana, representa la fuerza, la tradici\u00f3n y la identidad de un pueblo que ha sabido transformar su historia en arte, m\u00fasica y orgullo nacional. Desde la Federaci\u00f3n FESOC, extendemos un profundo reconocimiento y agradecimiento [&hellip;]<\/p>\n","protected":false},"author":1,"featured_media":0,"parent":0,"menu_order":0,"comment_status":"closed","ping_status":"closed","template":"","meta":{"footnotes":""},"class_list":["post-679","page","type-page","status-publish","hentry"],"_links":{"self":[{"href":"https:\/\/federacionfesoc.org\/index.php\/wp-json\/wp\/v2\/pages\/679","targetHints":{"allow":["GET"]}}],"collection":[{"href":"https:\/\/federacionfesoc.org\/index.php\/wp-json\/wp\/v2\/pages"}],"about":[{"href":"https:\/\/federacionfesoc.org\/index.php\/wp-json\/wp\/v2\/types\/page"}],"author":[{"embeddable":true,"href":"https:\/\/federacionfesoc.org\/index.php\/wp-json\/wp\/v2\/users\/1"}],"replies":[{"embeddable":true,"href":"https:\/\/federacionfesoc.org\/index.php\/wp-json\/wp\/v2\/comments?post=679"}],"version-history":[{"count":4,"href":"https:\/\/federacionfesoc.org\/index.php\/wp-json\/wp\/v2\/pages\/679\/revisions"}],"predecessor-version":[{"id":685,"href":"https:\/\/federacionfesoc.org\/index.php\/wp-json\/wp\/v2\/pages\/679\/revisions\/685"}],"wp:attachment":[{"href":"https:\/\/federacionfesoc.org\/index.php\/wp-json\/wp\/v2\/media?parent=679"}],"curies":[{"name":"wp","href":"https:\/\/api.w.org\/{rel}","templated":true}]}}