{"id":635,"date":"2026-02-26T13:07:30","date_gmt":"2026-02-26T18:07:30","guid":{"rendered":"https:\/\/federacionfesoc.org\/?page_id=635"},"modified":"2026-02-27T06:50:27","modified_gmt":"2026-02-27T11:50:27","slug":"ecoaldeas-productivas-solidarias","status":"publish","type":"page","link":"https:\/\/federacionfesoc.org\/index.php\/ecoaldeas-productivas-solidarias\/","title":{"rendered":"Ecoaldeas productivas solidarias"},"content":{"rendered":"\t\t<div data-elementor-type=\"wp-page\" data-elementor-id=\"635\" class=\"elementor elementor-635\" data-elementor-post-type=\"page\">\n\t\t\t\t<div class=\"elementor-element elementor-element-a2c399e e-flex e-con-boxed e-con e-parent\" data-id=\"a2c399e\" data-element_type=\"container\" data-e-type=\"container\">\n\t\t\t\t\t<div class=\"e-con-inner\">\n\t\t\t\t<div class=\"elementor-element elementor-element-de411dc elementor-widget elementor-widget-heading\" data-id=\"de411dc\" data-element_type=\"widget\" data-e-type=\"widget\" data-widget_type=\"heading.default\">\n\t\t\t\t\t<h1 class=\"elementor-heading-title elementor-size-default\">Programa de ecoaldeas productivas solidarias<\/h1>\t\t\t\t<\/div>\n\t\t\t\t\t<\/div>\n\t\t\t\t<\/div>\n\t\t<div class=\"elementor-element elementor-element-f724a0d e-flex e-con-boxed e-con e-parent\" data-id=\"f724a0d\" data-element_type=\"container\" data-e-type=\"container\">\n\t\t\t\t\t<div class=\"e-con-inner\">\n\t\t\t\t<div class=\"elementor-element elementor-element-5061a99 elementor-widget elementor-widget-heading\" data-id=\"5061a99\" data-element_type=\"widget\" data-e-type=\"widget\" data-widget_type=\"heading.default\">\n\t\t\t\t\t<h2 class=\"elementor-heading-title elementor-size-default\">Politicas<\/h2>\t\t\t\t<\/div>\n\t\t\t\t<div class=\"elementor-element elementor-element-bceaaa3 elementor-widget elementor-widget-text-editor\" data-id=\"bceaaa3\" data-element_type=\"widget\" data-e-type=\"widget\" data-widget_type=\"text-editor.default\">\n\t\t\t\t\t\t\t\t\t<p data-start=\"247\" data-end=\"792\">Por su quehacer institucional apuesta a pol\u00edticas de inclusi\u00f3n y trabajo con poblaci\u00f3n en proceso de reintegraci\u00f3n, brindando programas, proyectos y actividades bajo enfoque territorial y diferencial, vinculando tanto a v\u00edctimas del conflicto como a victimarios en proceso de desarme social, acceso a programas de educaci\u00f3n para el trabajo y vivienda, empleabilidad, emprendimiento, entre otros, permitiendo as\u00ed garantizar escenarios de cambio y desarrollo de zonas rurales y urbanas, con miras a lograr una sociedad m\u00e1s equitativa e incluyente.<\/p><p data-start=\"794\" data-end=\"1159\">Nuestro modelo social y econ\u00f3mico est\u00e1 basado en un predominio del individuo sobre el colectivo y un uso indiscriminado de los recursos naturales que est\u00e1 tocando fondo, sin satisfacer las necesidades de la poblaci\u00f3n, con la presi\u00f3n sobre el entorno natural aumentando hasta extremos dif\u00edcilmente sostenibles condenando a la pobreza a amplias capas de la poblaci\u00f3n.<\/p><p>\n\n<\/p><p data-start=\"1161\" data-end=\"1543\">Todo el esfuerzo \u2014investigaci\u00f3n, tecnolog\u00eda, trabajo, organizaci\u00f3n\u2014 que se dedica actualmente a producir y comercializar bienes perfectamente in\u00fatiles, se dedicar\u00e1 a satisfacer nuestras necesidades (social, cultural y espiritualmente humanas), lo que no solo nos da un vivir bien, con cierto confort material, sino que estaremos en el camino de un desarrollo integral como personas.<\/p>\t\t\t\t\t\t\t\t<\/div>\n\t\t\t\t\t<\/div>\n\t\t\t\t<\/div>\n\t\t<div class=\"elementor-element elementor-element-4244fb2 e-flex e-con-boxed e-con e-parent\" data-id=\"4244fb2\" data-element_type=\"container\" data-e-type=\"container\">\n\t\t\t\t\t<div class=\"e-con-inner\">\n\t\t\t\t<div class=\"elementor-element elementor-element-e0b187f elementor-widget elementor-widget-heading\" data-id=\"e0b187f\" data-element_type=\"widget\" data-e-type=\"widget\" data-widget_type=\"heading.default\">\n\t\t\t\t\t<h2 class=\"elementor-heading-title elementor-size-default\">Objetivo General<\/h2>\t\t\t\t<\/div>\n\t\t\t\t<div class=\"elementor-element elementor-element-40cd5b3 elementor-widget elementor-widget-text-editor\" data-id=\"40cd5b3\" data-element_type=\"widget\" data-e-type=\"widget\" data-widget_type=\"text-editor.default\">\n\t\t\t\t\t\t\t\t\t<p data-start=\"247\" data-end=\"792\">Crear ecoaldeas que incluyan todos los aspectos importantes para la vida, integr\u00e1ndolos en el entorno natural, apoyando formas saludables de desarrollo sostenibles sociales, ecol\u00f3gicas y econ\u00f3micamente basadas en el respeto por la naturaleza, con el uso de energ\u00edas renovables, la sostenibilidad alimenticia y econ\u00f3mica, el reciclaje y el aprovechamiento de los recursos naturales para lograr una existencia indefinida.<\/p>\t\t\t\t\t\t\t\t<\/div>\n\t\t\t\t\t<\/div>\n\t\t\t\t<\/div>\n\t\t<div class=\"elementor-element elementor-element-7de9631 e-flex e-con-boxed e-con e-parent\" data-id=\"7de9631\" data-element_type=\"container\" data-e-type=\"container\">\n\t\t\t\t\t<div class=\"e-con-inner\">\n\t\t\t\t<div class=\"elementor-element elementor-element-a20b175 elementor-widget elementor-widget-heading\" data-id=\"a20b175\" data-element_type=\"widget\" data-e-type=\"widget\" data-widget_type=\"heading.default\">\n\t\t\t\t\t<h2 class=\"elementor-heading-title elementor-size-default\">Objetivos Espec\u00edficos<\/h2>\t\t\t\t<\/div>\n\t\t\t\t<div class=\"elementor-element elementor-element-610fcb8 elementor-widget elementor-widget-text-editor\" data-id=\"610fcb8\" data-element_type=\"widget\" data-e-type=\"widget\" data-widget_type=\"text-editor.default\">\n\t\t\t\t\t\t\t\t\t<ul><li data-start=\"2023\" data-end=\"2333\"><p data-start=\"2026\" data-end=\"2333\"><strong data-start=\"2026\" data-end=\"2043\">Pilar social:<\/strong> Fortalecer y ampliar las relaciones sociales de convivencia con el reconocimiento de la diversidad, la consolidaci\u00f3n de las interacciones mediante el ejercicio de valores, la gesti\u00f3n de los conflictos internos y el fomento de pr\u00e1cticas comunitarias en salud, educaci\u00f3n, cultura y econom\u00eda.<\/p><\/li><li data-start=\"2335\" data-end=\"2580\"><p data-start=\"2338\" data-end=\"2580\"><strong data-start=\"2338\" data-end=\"2357\">Pilar cultural:<\/strong> Respetar y cuidar todos los seres y formas de vida con \u00e9tica ecol\u00f3gica considerando aspectos culturales que fortalezcan la capacidad de respuesta ante las dificultades dadas al interior o hacia el exterior de la comunidad.<\/p><\/li><li data-start=\"2582\" data-end=\"2777\"><p data-start=\"2585\" data-end=\"2777\"><strong data-start=\"2585\" data-end=\"2605\">Pilar econ\u00f3mico:<\/strong> Mantener y fortalecer la econom\u00eda y el flujo de dinero de la comunidad apoyando los proyectos productivos que complementen las viviendas, relaciones sociales y culturales.<\/p><\/li><li data-start=\"2779\" data-end=\"3075\"><p data-start=\"2782\" data-end=\"3075\"><strong data-start=\"2782\" data-end=\"2802\">Pilar ecol\u00f3gico:<\/strong> Ofrecer orientaciones de conexi\u00f3n y cuidado de los seres, bienes y ciclos del lugar habitado, bien sea urbano o rural con el prop\u00f3sito de satisfacer las necesidades b\u00e1sicas y vitales de los ecoaldeanos, con el compromiso ecol\u00f3gico adquirido como integrante de la ecoaldea.<\/p><\/li><\/ul>\t\t\t\t\t\t\t\t<\/div>\n\t\t\t\t\t<\/div>\n\t\t\t\t<\/div>\n\t\t<div class=\"elementor-element elementor-element-cdfafbe e-flex e-con-boxed e-con e-parent\" data-id=\"cdfafbe\" data-element_type=\"container\" data-e-type=\"container\">\n\t\t\t\t\t<div class=\"e-con-inner\">\n\t\t\t\t<div class=\"elementor-element elementor-element-7fbd332 elementor-widget elementor-widget-heading\" data-id=\"7fbd332\" data-element_type=\"widget\" data-e-type=\"widget\" data-widget_type=\"heading.default\">\n\t\t\t\t\t<h2 class=\"elementor-heading-title elementor-size-default\">Programa social ecoaldeas solidarias FESOC<\/h2>\t\t\t\t<\/div>\n\t\t\t\t<div class=\"elementor-element elementor-element-bdf0dfe elementor-widget elementor-widget-text-editor\" data-id=\"bdf0dfe\" data-element_type=\"widget\" data-e-type=\"widget\" data-widget_type=\"text-editor.default\">\n\t\t\t\t\t\t\t\t\t<p data-start=\"2026\" data-end=\"2333\">El Programa Social Ecoaldeas Solidarias FESOC est\u00e1 definido como una intervenci\u00f3n integral en una comunidad, donde sus participantes est\u00e1n comprometidos a entender el concepto de vida en comunidad y tejido social, que busca sensibilizar a los participantes frente a conceptos como la autosostenibilidad y el cooperativismo. Siendo una intervenci\u00f3n integral a las comunidades, FESOC ha determinado incluir como componente del programa, con ayuda del cooperante internacional, la construcci\u00f3n y entrega de viviendas, que concreta a los participantes a aplicar de forma pr\u00e1ctica lo aprendido en el proceso de sensibilizaci\u00f3n y concientizaci\u00f3n.<\/p>\t\t\t\t\t\t\t\t<\/div>\n\t\t\t\t\t<\/div>\n\t\t\t\t<\/div>\n\t\t<div class=\"elementor-element elementor-element-d19b42d e-flex e-con-boxed e-con e-parent\" data-id=\"d19b42d\" data-element_type=\"container\" data-e-type=\"container\">\n\t\t\t\t\t<div class=\"e-con-inner\">\n\t\t\t\t<div class=\"elementor-element elementor-element-c6a0177 elementor-widget elementor-widget-heading\" data-id=\"c6a0177\" data-element_type=\"widget\" data-e-type=\"widget\" data-widget_type=\"heading.default\">\n\t\t\t\t\t<h2 class=\"elementor-heading-title elementor-size-default\">Programa social ecoaldeas solidarias FESOC<\/h2>\t\t\t\t<\/div>\n\t\t\t\t<div class=\"elementor-element elementor-element-8bf48e3 elementor-widget elementor-widget-text-editor\" data-id=\"8bf48e3\" data-element_type=\"widget\" data-e-type=\"widget\" data-widget_type=\"text-editor.default\">\n\t\t\t\t\t\t\t\t\t<p data-start=\"3801\" data-end=\"3906\">Las viviendas a adjudicar, que de acuerdo al plan pueden ser casas o apartamentos, son cuatro categor\u00edas:<\/p><ul data-start=\"3908\" data-end=\"4161\"><li data-start=\"3908\" data-end=\"3970\"><p data-start=\"3910\" data-end=\"3970\"><strong data-start=\"3910\" data-end=\"3921\">TIPO A:<\/strong> Vivienda de 54 m\u00b2 construidos en \u00e1rea de 90 m\u00b2<\/p><\/li><li data-start=\"3971\" data-end=\"4033\"><p data-start=\"3973\" data-end=\"4033\"><strong data-start=\"3973\" data-end=\"3984\">TIPO B:<\/strong> Vivienda de 72 m\u00b2 construidos en \u00e1rea de 90 m\u00b2<\/p><\/li><li data-start=\"4034\" data-end=\"4096\"><p data-start=\"4036\" data-end=\"4096\"><strong data-start=\"4036\" data-end=\"4047\">TIPO C:<\/strong> Vivienda de 90 m\u00b2 construidos en \u00e1rea de 90 m\u00b2<\/p><\/li><li data-start=\"4097\" data-end=\"4161\"><p data-start=\"4099\" data-end=\"4161\"><strong data-start=\"4099\" data-end=\"4110\">TIPO D:<\/strong> Vivienda de 140 m\u00b2 construidos en \u00e1rea de 160 m\u00b2<\/p><\/li><\/ul><p data-start=\"4163\" data-end=\"4487\">Las viviendas tendr\u00e1n energ\u00eda solar fotovoltaica para disminuir el consumo de la red y sistema de recuperaci\u00f3n de aguas lluvias para ser utilizada en \u00e1reas comunes y servicios sanitarios. El alumbrado p\u00fablico ser\u00e1 completamente de energ\u00eda solar fotovoltaica y las unidades ser\u00e1n vigiladas con c\u00e1maras de seguridad y alarmas.<\/p>\t\t\t\t\t\t\t\t<\/div>\n\t\t\t\t\t<\/div>\n\t\t\t\t<\/div>\n\t\t<div class=\"elementor-element elementor-element-7dc11a9 e-grid e-con-boxed e-con e-parent\" data-id=\"7dc11a9\" data-element_type=\"container\" data-e-type=\"container\">\n\t\t\t\t\t<div class=\"e-con-inner\">\n\t\t\t\t<div class=\"elementor-element elementor-element-38a11eb elementor-widget elementor-widget-image\" data-id=\"38a11eb\" data-element_type=\"widget\" data-e-type=\"widget\" data-widget_type=\"image.default\">\n\t\t\t\t\t\t\t\t\t\t\t\t\t\t\t<img fetchpriority=\"high\" decoding=\"async\" width=\"500\" height=\"500\" src=\"https:\/\/federacionfesoc.org\/wp-content\/uploads\/2026\/02\/1-1.png\" class=\"attachment-large size-large wp-image-644\" alt=\"\" srcset=\"https:\/\/federacionfesoc.org\/wp-content\/uploads\/2026\/02\/1-1.png 500w, https:\/\/federacionfesoc.org\/wp-content\/uploads\/2026\/02\/1-1-300x300.png 300w, https:\/\/federacionfesoc.org\/wp-content\/uploads\/2026\/02\/1-1-150x150.png 150w\" sizes=\"(max-width: 500px) 100vw, 500px\" \/>\t\t\t\t\t\t\t\t\t\t\t\t\t\t\t<\/div>\n\t\t\t\t<div class=\"elementor-element elementor-element-7953510 elementor-widget elementor-widget-image\" data-id=\"7953510\" data-element_type=\"widget\" data-e-type=\"widget\" data-widget_type=\"image.default\">\n\t\t\t\t\t\t\t\t\t\t\t\t\t\t\t<img decoding=\"async\" width=\"500\" height=\"500\" src=\"https:\/\/federacionfesoc.org\/wp-content\/uploads\/2026\/02\/2-1.png\" class=\"attachment-large size-large wp-image-645\" alt=\"\" srcset=\"https:\/\/federacionfesoc.org\/wp-content\/uploads\/2026\/02\/2-1.png 500w, https:\/\/federacionfesoc.org\/wp-content\/uploads\/2026\/02\/2-1-300x300.png 300w, https:\/\/federacionfesoc.org\/wp-content\/uploads\/2026\/02\/2-1-150x150.png 150w\" sizes=\"(max-width: 500px) 100vw, 500px\" \/>\t\t\t\t\t\t\t\t\t\t\t\t\t\t\t<\/div>\n\t\t\t\t\t<\/div>\n\t\t\t\t<\/div>\n\t\t\t\t<\/div>\n\t\t","protected":false},"excerpt":{"rendered":"<p>Programa de ecoaldeas productivas solidarias Politicas Por su quehacer institucional apuesta a pol\u00edticas de inclusi\u00f3n y trabajo con poblaci\u00f3n en proceso de reintegraci\u00f3n, brindando programas, proyectos y actividades bajo enfoque territorial y diferencial, vinculando tanto a v\u00edctimas del conflicto como a victimarios en proceso de desarme social, acceso a programas de educaci\u00f3n para el trabajo [&hellip;]<\/p>\n","protected":false},"author":1,"featured_media":0,"parent":0,"menu_order":0,"comment_status":"closed","ping_status":"closed","template":"","meta":{"footnotes":""},"class_list":["post-635","page","type-page","status-publish","hentry"],"_links":{"self":[{"href":"https:\/\/federacionfesoc.org\/index.php\/wp-json\/wp\/v2\/pages\/635","targetHints":{"allow":["GET"]}}],"collection":[{"href":"https:\/\/federacionfesoc.org\/index.php\/wp-json\/wp\/v2\/pages"}],"about":[{"href":"https:\/\/federacionfesoc.org\/index.php\/wp-json\/wp\/v2\/types\/page"}],"author":[{"embeddable":true,"href":"https:\/\/federacionfesoc.org\/index.php\/wp-json\/wp\/v2\/users\/1"}],"replies":[{"embeddable":true,"href":"https:\/\/federacionfesoc.org\/index.php\/wp-json\/wp\/v2\/comments?post=635"}],"version-history":[{"count":13,"href":"https:\/\/federacionfesoc.org\/index.php\/wp-json\/wp\/v2\/pages\/635\/revisions"}],"predecessor-version":[{"id":652,"href":"https:\/\/federacionfesoc.org\/index.php\/wp-json\/wp\/v2\/pages\/635\/revisions\/652"}],"wp:attachment":[{"href":"https:\/\/federacionfesoc.org\/index.php\/wp-json\/wp\/v2\/media?parent=635"}],"curies":[{"name":"wp","href":"https:\/\/api.w.org\/{rel}","templated":true}]}}