{"id":11,"date":"2026-01-22T16:21:24","date_gmt":"2026-01-22T21:21:24","guid":{"rendered":"https:\/\/federacionfesoc.org\/?page_id=11"},"modified":"2026-01-23T03:57:55","modified_gmt":"2026-01-23T08:57:55","slug":"conocenos","status":"publish","type":"page","link":"https:\/\/federacionfesoc.org\/index.php\/conocenos\/","title":{"rendered":"Con\u00f3cenos"},"content":{"rendered":"\t\t<div data-elementor-type=\"wp-page\" data-elementor-id=\"11\" class=\"elementor elementor-11\" data-elementor-post-type=\"page\">\n\t\t\t\t<div class=\"elementor-element elementor-element-9ec4c89 e-flex e-con-boxed e-con e-parent\" data-id=\"9ec4c89\" data-element_type=\"container\" data-e-type=\"container\">\n\t\t\t\t\t<div class=\"e-con-inner\">\n\t\t\t\t<div class=\"elementor-element elementor-element-160b41a elementor-widget elementor-widget-heading\" data-id=\"160b41a\" data-element_type=\"widget\" data-e-type=\"widget\" data-widget_type=\"heading.default\">\n\t\t\t\t\t<h1 class=\"elementor-heading-title elementor-size-default\">\u00bfQuienes Somos?<\/h1>\t\t\t\t<\/div>\n\t\t\t\t\t<\/div>\n\t\t\t\t<\/div>\n\t\t<div class=\"elementor-element elementor-element-a283c2d e-flex e-con-boxed e-con e-parent\" data-id=\"a283c2d\" data-element_type=\"container\" data-e-type=\"container\">\n\t\t\t\t\t<div class=\"e-con-inner\">\n\t\t\t\t<div class=\"elementor-element elementor-element-2d0de23 elementor-widget elementor-widget-heading\" data-id=\"2d0de23\" data-element_type=\"widget\" data-e-type=\"widget\" data-widget_type=\"heading.default\">\n\t\t\t\t\t<h2 class=\"elementor-heading-title elementor-size-default\">Rese\u00f1a Historica<\/h2>\t\t\t\t<\/div>\n\t\t\t\t\t<\/div>\n\t\t\t\t<\/div>\n\t\t<div class=\"elementor-element elementor-element-1d2d177 e-flex e-con-boxed e-con e-parent\" data-id=\"1d2d177\" data-element_type=\"container\" data-e-type=\"container\">\n\t\t\t\t\t<div class=\"e-con-inner\">\n\t\t<div class=\"elementor-element elementor-element-2368930 e-con-full e-flex e-con e-child\" data-id=\"2368930\" data-element_type=\"container\" data-e-type=\"container\">\n\t\t\t\t<div class=\"elementor-element elementor-element-11e4672 elementor-widget elementor-widget-text-editor\" data-id=\"11e4672\" data-element_type=\"widget\" data-e-type=\"widget\" data-widget_type=\"text-editor.default\">\n\t\t\t\t\t\t\t\t\t<p>En el a\u00f1o 2004 d\u00eda 23 de abril en la calle 9 # 4.50 antigua Beneficencia Del Valle ocho organizaciones de econom\u00eda solidaria tomamos la iniciativa de conformar una federaci\u00f3n la cual cumpliera con las expectativas de los vallecaucanos con la norma y la formaci\u00f3n cooperativa y solidaria. Nuestro recorrido empezaba a formar parte de grandes comunidades. Y le llamamos por unanimidad FESOC FEDERACION DE EMPRESAS SOLIDARIAS Y SOCIALES DEL SUR OCCIDENTE COLOMBIANO por lo Tanto decidimos que cumplir\u00e1 sus actividades con fines de inter\u00e9s social que funcionaria sin \u00e1nimo de lucro y de conformidad con la constituci\u00f3n nacional y la ley 454 de 1998.<\/p><p>A lo largo del camino desde el 2004 al d\u00eda de hoy con diversas situaciones amplias y estrechas hemos realizado varios lazos de institucionalidad con el gremio de econom\u00eda solidaria hasta ser hoy EL PRESIDENTE DEL CONES VALLE -CONSEJO NACIONAL DE ECONOMIA SOLIDARIA capitulo valle del cauca; mediados del a\u00f1o 2008 y se obtuvo La PRESIDENCIA DEL FONDO REGIONAL FONDO FASE VALLE ICETEX por lo cual hemos logrado recuperar la institucionalidad gremial y volverla alternativa de desarrollo y bienestar para el pa\u00eds a trav\u00e9s del fortalecimiento y desarrollo econ\u00f3mico de la integraci\u00f3n como principio recto de la sociedad. hoy por hoy ya en el a\u00f1o 2011 con un trabajo arduo de equipo de alianzas y fortalecimientos hemos podido empezar a ser nuestra propia historia con COOPERACION INTERNACIONAL.<br \/><br \/><strong>Hemos sido nombrados para llevar acabo todo lo correspondiente a las AYUDAS HUMANITARIAS, se apoya a toda fundaci\u00f3n, asociaci\u00f3n, organismos sociales y empresas privadas para todos los proyectos que tienen impacto y enfoque social. Estos beneficios son para todas las organizaciones, asociaciones afiliadas a la organizaci\u00f3n.<\/strong><\/p>\t\t\t\t\t\t\t\t<\/div>\n\t\t\t\t<\/div>\n\t\t<div class=\"elementor-element elementor-element-a8aa9f2 e-con-full e-flex e-con e-child\" data-id=\"a8aa9f2\" data-element_type=\"container\" data-e-type=\"container\" data-settings=\"{&quot;background_background&quot;:&quot;classic&quot;}\">\n\t\t\t\t<div class=\"elementor-element elementor-element-1435fdb elementor-widget elementor-widget-image\" data-id=\"1435fdb\" data-element_type=\"widget\" data-e-type=\"widget\" data-widget_type=\"image.default\">\n\t\t\t\t\t\t\t\t\t\t\t\t\t\t\t<img fetchpriority=\"high\" decoding=\"async\" width=\"800\" height=\"600\" src=\"https:\/\/federacionfesoc.org\/wp-content\/uploads\/2026\/01\/1595874025IMG-20200725-WA0006-1024x768.jpg\" class=\"attachment-large size-large wp-image-268\" alt=\"\" srcset=\"https:\/\/federacionfesoc.org\/wp-content\/uploads\/2026\/01\/1595874025IMG-20200725-WA0006-1024x768.jpg 1024w, https:\/\/federacionfesoc.org\/wp-content\/uploads\/2026\/01\/1595874025IMG-20200725-WA0006-300x225.jpg 300w, https:\/\/federacionfesoc.org\/wp-content\/uploads\/2026\/01\/1595874025IMG-20200725-WA0006-768x576.jpg 768w, https:\/\/federacionfesoc.org\/wp-content\/uploads\/2026\/01\/1595874025IMG-20200725-WA0006.jpg 1280w\" sizes=\"(max-width: 800px) 100vw, 800px\" \/>\t\t\t\t\t\t\t\t\t\t\t\t\t\t\t<\/div>\n\t\t\t\t<div class=\"elementor-element elementor-element-0ef1f01 elementor-widget elementor-widget-text-editor\" data-id=\"0ef1f01\" data-element_type=\"widget\" data-e-type=\"widget\" data-widget_type=\"text-editor.default\">\n\t\t\t\t\t\t\t\t\t<h2>Misi\u00f3n<\/h2><p>Promover, gestionar y liderar procesos de fortalecimiento para las organizaciones sociales y solidarias asociadas, sus familias y la comunidad en general, mediante la oferta de servicios capacitaci\u00f3n, asesor\u00eda, investigaci\u00f3n y ejecuci\u00f3n de planes, programas y proyectos en diferentes \u00e1reas; capaces de generar una mayor integraci\u00f3n entre ellas, y la participaci\u00f3n en su propio desarrollo que contribuya a su crecimiento y mejoramiento en la calidad de vida.<\/p><h3>Visi\u00f3n<\/h3><p>Esperamos ser reconocidos como la organizaci\u00f3n l\u00edder en desarrollo socio econ\u00f3mico en el sistema social y solidario en Colombia para asi seguir combatiendo la pobreza de nuestra patria.<\/p>\t\t\t\t\t\t\t\t<\/div>\n\t\t\t\t<\/div>\n\t\t\t\t\t<\/div>\n\t\t\t\t<\/div>\n\t\t\t\t<\/div>\n\t\t","protected":false},"excerpt":{"rendered":"<p>\u00bfQuienes Somos? Rese\u00f1a Historica En el a\u00f1o 2004 d\u00eda 23 de abril en la calle 9 # 4.50 antigua Beneficencia Del Valle ocho organizaciones de econom\u00eda solidaria tomamos la iniciativa de conformar una federaci\u00f3n la cual cumpliera con las expectativas de los vallecaucanos con la norma y la formaci\u00f3n cooperativa y solidaria. Nuestro recorrido empezaba [&hellip;]<\/p>\n","protected":false},"author":1,"featured_media":0,"parent":0,"menu_order":0,"comment_status":"closed","ping_status":"closed","template":"","meta":{"footnotes":""},"class_list":["post-11","page","type-page","status-publish","hentry"],"_links":{"self":[{"href":"https:\/\/federacionfesoc.org\/index.php\/wp-json\/wp\/v2\/pages\/11","targetHints":{"allow":["GET"]}}],"collection":[{"href":"https:\/\/federacionfesoc.org\/index.php\/wp-json\/wp\/v2\/pages"}],"about":[{"href":"https:\/\/federacionfesoc.org\/index.php\/wp-json\/wp\/v2\/types\/page"}],"author":[{"embeddable":true,"href":"https:\/\/federacionfesoc.org\/index.php\/wp-json\/wp\/v2\/users\/1"}],"replies":[{"embeddable":true,"href":"https:\/\/federacionfesoc.org\/index.php\/wp-json\/wp\/v2\/comments?post=11"}],"version-history":[{"count":42,"href":"https:\/\/federacionfesoc.org\/index.php\/wp-json\/wp\/v2\/pages\/11\/revisions"}],"predecessor-version":[{"id":390,"href":"https:\/\/federacionfesoc.org\/index.php\/wp-json\/wp\/v2\/pages\/11\/revisions\/390"}],"wp:attachment":[{"href":"https:\/\/federacionfesoc.org\/index.php\/wp-json\/wp\/v2\/media?parent=11"}],"curies":[{"name":"wp","href":"https:\/\/api.w.org\/{rel}","templated":true}]}}